{"id":5013,"date":"2024-04-19T11:17:42","date_gmt":"2024-04-19T10:17:42","guid":{"rendered":"https:\/\/lasenia.cat\/web\/?page_id=5013"},"modified":"2025-10-15T13:20:43","modified_gmt":"2025-10-15T11:20:43","slug":"politica-de-cookies","status":"publish","type":"page","link":"https:\/\/lasenia.cat\/web\/politica-de-cookies\/","title":{"rendered":"Pol\u00edtica de cookies"},"content":{"rendered":"\n<p><strong><u>Definici\u00f3 de les cookies<\/u><\/strong><\/p>\n\n\n\n<p>Les cookies s\u00f3n petits arxius de text que s\u2019emmagatzemen localment a la &#8220;mem\u00f2ria cau\u201d del seu navegador d\u2019Internet. Aquest espai web utilitza cookies i\/o tecnologies que emmagatzemen i recuperen informaci\u00f3 quan es navega per internet. Aquestes tecnologies permeten a l\u2019espai web recon\u00e8ixer el seu navegador i com a resultat, emmagatzemar les seves prefer\u00e8ncies d\u2019usuari.&nbsp;<\/p>\n\n\n\n<p><strong><u>Tipus i funci\u00f3 de les cookies&nbsp;<\/u><\/strong><\/p>\n\n\n\n<ul class=\"wp-block-list\">\n<li><strong>Pr\u00f2pies<\/strong>: S\u00f3n aquelles que s\u2019envien a l\u2019equip terminal de l\u2019usuari des d\u2019un equip o domini gestionat pel mateix editor i des del que es presta el servei sol\u00b7licitat per l\u2019usuari.&nbsp;<\/li>\n\n\n\n<li><strong>De Tercers<\/strong>: S\u00f3n aquelles que es remeten a l\u2019equip terminal de l\u2019usuari des d\u2019un equip o domini que no \u00e9s gestionat per l\u2019editor, sin\u00f3 per una altra entitat que tracta les dades obtingudes per mitj\u00e0 de les cookies.&nbsp;<\/li>\n\n\n\n<li><strong>Permanents<\/strong>: Permeten accedir a dades del terminal de l\u2019usuari per un per\u00edode definit pel responsable de la cookie.&nbsp;&nbsp;<\/li>\n\n\n\n<li><strong>De Sessi\u00f3<\/strong>: S\u00f3n aquelles dissenyades per recollir i emmagatzemar dades mentre l\u2019usuari accedeix a una p\u00e0gina web i que emmagatzema i conserven informaci\u00f3 de l\u2019usuari en una sola ocasi\u00f3.&nbsp;<\/li>\n\n\n\n<li><strong>T\u00e8cniques<\/strong>: Permeten a l\u2019usuari la navegaci\u00f3 a trav\u00e9s d\u2019una web i l\u2019\u00fas de diferents opcions o serveis.&nbsp;&nbsp;&nbsp;<\/li>\n\n\n\n<li><strong>De Personalitzaci\u00f3<\/strong>: Permeten recordar informaci\u00f3 perqu\u00e8 l\u2019usuari pugui accedir al servei amb determinades caracter\u00edstiques que poden diferenciar la seva experi\u00e8ncia de la d\u2019altres usuaris, disposant d\u2019unes caracter\u00edstiques de navegaci\u00f3 personalitzades per la p\u00e0gina web.&nbsp;&nbsp;&nbsp;<\/li>\n\n\n\n<li><strong>Anal\u00edtiques<\/strong>: Permeten el seguiment i an\u00e0lisis de comportament de l\u2019usuari de webs a les quals estan vinculades, amb la finalitat posterior d\u2019introduir millores en funci\u00f3 de les dades afegides.&nbsp;&nbsp;<\/li>\n\n\n\n<li><strong>Publicit\u00e0ries<\/strong>: Permeten la gesti\u00f3 dels espais publicitaris de l\u2019editor de base a certs criteris, amb el contingut editat o la freq\u00fc\u00e8ncia d\u2019accessos.&nbsp;<\/li>\n<\/ul>\n\n\n\n<p><strong><u>Quins tipus de cookies s\u2019utilitzen en aquesta p\u00e0gina web i la seva utilitat?<\/u><\/strong><\/p>\n\n\n\n<ul class=\"wp-block-list\">\n<li>Pr\u00f2pies&nbsp;<\/li>\n\n\n\n<li>De Tercers&nbsp;<\/li>\n\n\n\n<li>De Sessi\u00f3&nbsp;<\/li>\n<\/ul>\n\n\n\n<p><strong><u>Quadre llistat amb el tipus de cookies que s\u2019utilitzen a la p\u00e0gina web i la seva finalitat&nbsp;<\/u><\/strong><\/p>\n\n\n\n<figure class=\"wp-block-table\"><table><tbody><tr><td><strong>NOM<\/strong><strong><\/strong><\/td><td><strong>PROPIETARI<\/strong><strong><\/strong><\/td><td><strong>DURACI\u00d3<\/strong><strong><\/strong><\/td><td><strong>FINALITAT<\/strong><strong><\/strong><\/td><\/tr><tr><td>__wpdm_client<\/td><td>WordPress Download Manager<\/td><td>Sessi\u00f3<\/td><td>Cookie funcional. Serveix per proporcionar funcionalitat entre p\u00e0gines.<\/td><\/tr><tr><td>ct0<\/td><td>Twitter<\/td><td>5 hores<\/td><td>La seva finalitat es obtenir l\u2019informaci\u00f3 dels usuaris que han utilitzat aquest servei<\/td><\/tr><tr><td>JSESSIONID<\/td><td>Pr\u00f2pia<\/td><td>Sessi\u00f3<\/td><td>S\u2019utilitza per a mantenir una sessi\u00f3 d\u2019usuari an\u00f2nim en el servidor<\/td><\/tr><\/tbody><\/table><\/figure>\n\n\n\n<p>\u202f&nbsp;<\/p>\n\n\n\n<ul class=\"wp-block-list\">\n<li>Pot desactivar l\u2019\u00fas de cookies pr\u00f2pies i de tercers mitjan\u00e7ant la configuraci\u00f3 de les opcions del navegador instal\u00b7lat al seu equip:\u202f&nbsp;<br>\u202f\u202f\u202f&nbsp;<\/li>\n\n\n\n<li>Internet Explorer 9\u202f<a href=\"https:\/\/support.microsoft.com\/es-es\/help\/17442\/windows-internet-explorer-delete-manage-cookies\" target=\"_blank\" rel=\"noreferrer noopener\">https:\/\/support.microsoft.com\/es-es\/help\/17442\/windows-internet-explorer-delete-manage-cookies<\/a>\u202f\u202f&nbsp;<\/li>\n\n\n\n<li>Chrome\u202f<a href=\"https:\/\/support.google.com\/chrome\/answer\/95647?co=GENIE.Platform%3DDesktop&amp;hl=es\" target=\"_blank\" rel=\"noreferrer noopener\">https:\/\/support.google.com\/chrome\/answer\/95647?co=GENIE.Platform%3DDesktop&amp;hl=es<\/a>\u202f\u202f&nbsp;<\/li>\n\n\n\n<li>Mozilla\u202fFirefox\u202f<a href=\"https:\/\/support.mozilla.org\/es\/kb\/habilitar-y-deshabilitar-cookies-sitios-web-rastrear-preferencias\" target=\"_blank\" rel=\"noreferrer noopener\">https:\/\/support.mozilla.org\/es\/kb\/habilitar-y-deshabilitar-cookies-sitios-web-rastrear-preferencias<\/a>\u202f\u202f&nbsp;<\/li>\n\n\n\n<li>Safari\u202f<a href=\"https:\/\/support.apple.com\/es-es\/guide\/safari\/sfri11471\/mac\" target=\"_blank\" rel=\"noreferrer noopener\">https:\/\/support.apple.com\/es-es\/guide\/safari\/sfri11471\/mac<\/a>\u202f\u202f&nbsp;<\/li>\n<\/ul>\n\n\n\n<p>\u202f\u202f&nbsp;<\/p>\n\n\n\n<ul class=\"wp-block-list\">\n<li>Pot configurar les cookies acceptades fent clic aqu\u00ed. <em>S\u2019obrir\u00e0 el mateix quadre de caselles de configuraci\u00f3 de les cookies.<\/em><\/li>\n<\/ul>\n\n\n\n<ul class=\"wp-block-list\">\n<li><strong><u>TRANSFER\u00c8NCIES INTERNACIONALS DE DADES<\/u><\/strong><\/li>\n<\/ul>\n\n\n\n<p>L\u2019acceptaci\u00f3 d\u2019algunes d\u2019aquestes cookies pot suposar la transfer\u00e8ncia internacional de dades dels usuaris a pa\u00efsos tercers, necess\u00e0ria per al funcionament dels serveis d\u2019alguns dels prove\u00efdors d\u2019aquesta p\u00e0gina web. La base legal per a aquesta transfer\u00e8ncia es el consentiment de l\u2019usuari, manifestat al consentir i acceptar l\u2019\u00fas de les cookies de que en cada cas es tracti. Les transfer\u00e8ncies internacionals de dades es realitzaran a pa\u00efsos amb un adequat nivell de protecci\u00f3, declarat per la Comissi\u00f3 Europea i amb l\u2019aportaci\u00f3 de garanties adequades com el conveni bilateral entre la UE i EEUU denominat DATA PRIVACY FRAMEWORK.<\/p>\n\n\n\n<p>Els casos en que pot haver transfer\u00e8ncies internacionals de dades, ser\u00e0 a trav\u00e9s de les cookies provinents de tercers (WordPress Twitter).<\/p>\n\n\n\n<p>Pot informar-se de les transfer\u00e8ncies de dades a pa\u00efsos tercers que, en el seu cas, realitzen els tercers identificats en aquesta pol\u00edtica de cookies, en les seves corresponents pol\u00edtiques de sobre el tractament de les dades recollides.&nbsp;<\/p>\n\n\n\n<ul class=\"wp-block-list\">\n<li><strong><u>ELABORACI\u00d3 DE PERFILS DE NAVEGACI\u00d3<\/u><\/strong><\/li>\n<\/ul>\n\n\n\n<p><strong>L\u2019Ajuntament de la S\u00e9nia<\/strong>, per mitj\u00e0 de les cookies que utilitza en aquesta p\u00e0gina web, no realitza l\u2019elaboraci\u00f3 de perfils de navegaci\u00f3.<\/p>\n\n\n\n<ul class=\"wp-block-list\">\n<li><strong><u>CONSERVACI\u00d3 DE LES DADES OBTINGUDES<\/u><\/strong><\/li>\n<\/ul>\n\n\n\n<p>Les dades recollides per mitj\u00e0 de les cookies de sessi\u00f3, nom\u00e9s es conservaran durant el termini en que l\u2019usuari navegui per aquesta p\u00e0gina web.<\/p>\n\n\n\n<p>Les dades recollides per mitj\u00e0 de les cookies persistents, es conservaran durant un termini superior al de la sessi\u00f3 de navegaci\u00f3 per aquesta p\u00e0gina web. Pot informar-se sobre la conservaci\u00f3 de les dades obtingudes pels tercers que s\u2019indiquen al seg\u00fcent apartat, en les seves corresponents pol\u00edtiques sobre el tractament de les dades recollides.&nbsp;<\/p>\n\n\n\n<ul class=\"wp-block-list\">\n<li><strong><u>IDENTIFICACI\u00d3 DELS RESPONSABLES DE LES COOKIES I DEL TRACTAMENT DE LES DADES OBTINGUDES<\/u><\/strong><\/li>\n<\/ul>\n\n\n\n<p>El responsable de les cookies pr\u00f2pies i del tractament de les dades obtingudes ser\u00e0 <strong>l\u2019Ajuntament de la S\u00e9nia. <\/strong>El correu electr\u00f2nic de contacte \u00e9s:  <span class=\"link-color sendIt\">lasenia<img decoding=\"async\" class=\"inline-img\" style=\"max-height:2em\" src=\"https:\/\/lasenia.cat\/html\/images\/arroba.svg\" alt=\"@\">lasenia.cat<\/span><\/p>\n\n\n\n<p>El responsable de les cookies de tercers es WordPress Download Manager i Twitter.&nbsp;<\/p>\n","protected":false},"excerpt":{"rendered":"<p>Definici\u00f3 de les cookies Les cookies s\u00f3n petits arxius de text que s\u2019emmagatzemen localment a la &#8220;mem\u00f2ria cau\u201d del seu<\/p>\n","protected":false},"author":1,"featured_media":0,"parent":0,"menu_order":0,"comment_status":"closed","ping_status":"closed","template":"","meta":{"colormag_page_container_layout":"default_layout","colormag_page_sidebar_layout":"default_layout","footnotes":""},"class_list":["post-5013","page","type-page","status-publish","hentry"],"_links":{"self":[{"href":"https:\/\/lasenia.cat\/web\/wp-json\/wp\/v2\/pages\/5013","targetHints":{"allow":["GET"]}}],"collection":[{"href":"https:\/\/lasenia.cat\/web\/wp-json\/wp\/v2\/pages"}],"about":[{"href":"https:\/\/lasenia.cat\/web\/wp-json\/wp\/v2\/types\/page"}],"author":[{"embeddable":true,"href":"https:\/\/lasenia.cat\/web\/wp-json\/wp\/v2\/users\/1"}],"replies":[{"embeddable":true,"href":"https:\/\/lasenia.cat\/web\/wp-json\/wp\/v2\/comments?post=5013"}],"version-history":[{"count":2,"href":"https:\/\/lasenia.cat\/web\/wp-json\/wp\/v2\/pages\/5013\/revisions"}],"predecessor-version":[{"id":7867,"href":"https:\/\/lasenia.cat\/web\/wp-json\/wp\/v2\/pages\/5013\/revisions\/7867"}],"wp:attachment":[{"href":"https:\/\/lasenia.cat\/web\/wp-json\/wp\/v2\/media?parent=5013"}],"curies":[{"name":"wp","href":"https:\/\/api.w.org\/{rel}","templated":true}]}}