{"id":5003,"date":"2024-04-19T11:02:38","date_gmt":"2024-04-19T10:02:38","guid":{"rendered":"https:\/\/lasenia.cat\/web\/?page_id=5003"},"modified":"2025-10-15T13:18:04","modified_gmt":"2025-10-15T11:18:04","slug":"politica-de-privacitat","status":"publish","type":"page","link":"https:\/\/lasenia.cat\/web\/politica-de-privacitat\/","title":{"rendered":"Pol\u00edtica de Privacitat"},"content":{"rendered":"\n<ol class=\"wp-block-list\">\n<li><strong><u>RESPONSABLE DEL TRACTAMENT&nbsp;<\/u><\/strong><\/li>\n<\/ol>\n\n\n\n<p><strong>L\u2019Ajuntament de la S\u00e9nia<\/strong> \u00e9s el responsable del tractament de les dades recollides a trav\u00e9s dels llocs web dels quals \u00e9s titular, https:\/\/lasenia.cat\/web\/, relatius al desenvolupament de les seves compet\u00e8ncies, funcions i serveis, aix\u00ed com de la resta de tractaments inclosos en les activitats de tractament del <a href=\"https:\/\/lasenia.cat\/web\/wp-content\/uploads\/2024\/07\/RAT-AJ.-la-senia-V2.pdf\" target=\"_blank\" rel=\"noreferrer noopener\">REGISTRE D&#8217;ACTIVITATS DE TRACTAMENT<\/a>.<\/p>\n\n\n\n<ul class=\"wp-block-list\">\n<li><strong>Adre\u00e7a Postal:<\/strong> C.Tortosa 1, 43560 La S\u00e9nia<\/li>\n<\/ul>\n\n\n\n<ul class=\"wp-block-list\">\n<li><strong>Tel\u00e8fon<\/strong>: 977713000<\/li>\n<\/ul>\n\n\n\n<ul class=\"wp-block-list\">\n<li><strong>Correu electr\u00f2nic d\u2019informaci\u00f3<\/strong>: <span class=\"link-color sendIt\">lasenia<img decoding=\"async\" class=\"inline-img\" style=\"max-height:2em\" src=\"https:\/\/lasenia.cat\/html\/images\/arroba.svg\" alt=\"@\">lasenia.cat<\/span><\/li>\n<\/ul>\n\n\n\n<p><strong><u>2. DELEGAT DE PROTECCI\u00d3 DE DADES&nbsp;<\/u><\/strong><strong><u><\/u><\/strong><\/p>\n\n\n\n<ul class=\"wp-block-list\">\n<li><strong>Dades de contacte<\/strong>. Tel\u00e8fon. 977713000.<\/li>\n<\/ul>\n\n\n\n<ul class=\"wp-block-list\">\n<li><strong>Correu electr\u00f2nic<\/strong>: \n<span class=\"link-color sendIt\">lasenia<img decoding=\"async\" class=\"inline-img\" style=\"max-height:2em\" src=\"https:\/\/lasenia.cat\/html\/images\/arroba.svg\" alt=\"@\">lasenia.cat<\/span><\/li>\n<\/ul>\n\n\n\n<p><strong><u>3. INFORMACI\u00d3 SOBRE PROTECCI\u00d3 DE DADES&nbsp;<\/u><\/strong><strong><u><\/u><\/strong><\/p>\n\n\n\n<p><strong>L\u2019Ajuntament de la S\u00e9nia<\/strong>, com a responsable del tractament de dades personals, garanteix un nivell adequat i coherent de protecci\u00f3 de les persones f\u00edsiques respecte a les seves dades personals, objecte de tractament, d&#8217;acord amb els requeriments del Reglament general de protecci\u00f3 de dades (RGPD 2016\/679), la Llei org\u00e0nica 3\/2018 de protecci\u00f3 de dades personals i garantia dels drets digitals (LOPDGDD) i la Llei org\u00e0nica 7\/2021 de protecci\u00f3 de dades personals tractades per a fins de prevenci\u00f3, detecci\u00f3, recerca i enjudiciament d&#8217;infraccions penals i d&#8217;execuci\u00f3 de sancions penals i tamb\u00e9 d\u2019altres normatives sectorials que puguin ser d\u2019aplicaci\u00f3.<\/p>\n\n\n\n<p><strong>L\u2019Ajuntament de la S\u00e9nia<\/strong><em> <\/em>realitza tractaments dades personals amb plena responsabilitat i lleialment, i d&#8217;acord amb bases jur\u00eddiques que permeten la licitud dels tractaments en compliment del RGPD i de la LOPDGDD i ha adoptat les mesures de seguretat t\u00e8cniques i organitzatives, apropiades als riscos avaluats i identificats objectivament per als drets i llibertats de les persones interessades, als quals podrien donar lloc les dades tractades i els tractaments realitzats per l\u2019Ajuntament de la S\u00e9nia.<\/p>\n\n\n\n<p><strong>L\u2019Ajuntament de la S\u00e9nia<\/strong><em> <\/em>aplica el principi de transpar\u00e8ncia en el tractament de dades personals, facilitant a les persones interessades la informaci\u00f3 sobre els tractaments requerida pel RGPD i per la LOPDGDD, de manera clara, concisa, f\u00e0cilment accessible, completa i amb un llenguatge f\u00e0cil d&#8217;entendre; alhora, facilita l&#8217;exercici de drets per mitj\u00e0 de formularis disponibles a l&#8217;abast de les persones interessades: &nbsp;<a href=\"https:\/\/actio.dipta.cat\/catalegserveis\/id\/4304450006\/servei\/AT110_SERVE_00002?origen=seu\">Aqu\u00ed<\/a><\/p>\n\n\n\n<p><strong><u><a href=\"https:\/\/lasenia.cat\/web\/wp-content\/uploads\/2024\/04\/RAT-AJ.-la-senia.pdf\">4. REGISTRE D&#8217;ACTIVITATS DE TRACTAMENT <\/a><\/u><\/strong><\/p>\n\n\n\n<p><strong>L\u2019Ajuntament de la S\u00e9nia<\/strong><em> <\/em>gestiona i mant\u00e9 un registre de les seg\u00fcents activitats de tractament efectuades sota la seva responsabilitat:&nbsp;<\/p>\n\n\n\n<figure class=\"wp-block-table\"><table><tbody><tr><td>1<\/td><td>GESTI\u00d3 DE RECURSOS HUMANS<\/td><td>30<\/td><td>SISTEMA DE C\u00c0MERES DE VIDEOVIGILANCIA &nbsp;<\/td><\/tr><tr><td>2<\/td><td>SELECCI\u00d3 DE PERSONAL &nbsp;<\/td><td>31<\/td><td>PROMOCI\u00d3 ECON\u00d2MICA<\/td><\/tr><tr><td>3<\/td><td>PROTOCOL I COMUNICACI\u00d3 (AGENDA INSTITUCIONAL) &nbsp;<\/td><td>32<\/td><td>ACTIVITATS<\/td><\/tr><tr><td>4<\/td><td>MEMBRES DE LA CORPORACI\u00d3<\/td><td>33<\/td><td>EDUCACI\u00d3 &nbsp;<\/td><\/tr><tr><td>5<\/td><td>PADR\u00d3 MUNICIPAL D&#8217;HABITANTS &nbsp;<\/td><td>34<\/td><td>CULTURA &nbsp;<\/td><\/tr><tr><td>6<\/td><td>GESTI\u00d3 PRESSUPOST\u00c0RIA I ECON\u00d2MICA &nbsp;<\/td><td>35<\/td><td>ESPORTS &nbsp;<\/td><\/tr><tr><td>7<\/td><td>IMPOSTOS MUNICIPALS &nbsp;<\/td><td>36<\/td><td>HABITATGES D\u2019\u00daS TUR\u00cdSTIC<\/td><\/tr><tr><td>8<\/td><td>TAXES MUNICIPALS &nbsp;<\/td><td>37<\/td><td>TURISME<\/td><\/tr><tr><td>9<\/td><td>PREUS P\u00daBLICS &nbsp;<\/td><td>38<\/td><td>MEDI AMBIENT<\/td><\/tr><tr><td>10<\/td><td>CONTRIBUCIONS ESPECIALS &nbsp;<\/td><td>39<\/td><td>PARTICIPACI\u00d3 CIUTADANA<\/td><\/tr><tr><td>11<\/td><td>PRESTACIONS PATRIMONIALS DE CAR\u00c0CTER P\u00daBLIC NO TRIBUTARI (PPPNT)<\/td><td>40<\/td><td>CONSUM<\/td><\/tr><tr><td>12<\/td><td>&nbsp;EXPEDIENTS SANCIONADORS &nbsp;<\/td><td>41<\/td><td>CEMENTIRI<\/td><\/tr><tr><td>13<\/td><td>REGISTRE D\u2019ENTRADA I SORTIDA DE DOCUMENTS<\/td><td>42<\/td><td>USUARIS DE DEIXALLERIA<\/td><\/tr><tr><td>14<\/td><td>CENS D&#8217;ANIMALS DOM\u00c8STICS &nbsp;<\/td><td>43<\/td><td>SUBVENCIONS<\/td><\/tr><tr><td>15<\/td><td>REGISTRES D&#8217;UNIONS CIVILS &nbsp;<\/td><td>44<\/td><td>INF\u00c0NCIA, ADOLESC\u00c8NCIA I JOVENTUT &nbsp;<\/td><\/tr><tr><td>16<\/td><td>&nbsp;REGISTRE DE PARELLES ESTABLES<\/td><td>45<\/td><td>REGISTRE D\u2019ANIMALS POTENCIALMENT PERILLOSOS<\/td><\/tr><tr><td>17<\/td><td>REGISTRE D\u2019ASSOCIACIONS I ENTITATS DEL MUNICIPI<\/td><td>46<\/td><td>REGISTRES SANITARIS (SALUT P\u00daBLICA)<\/td><\/tr><tr><td>18<\/td><td>CONTRACTACI\u00d3<\/td><td>47<\/td><td>REGISTRE D&#8217;INTERESSOS I B\u00c9NS PATRIMONIALS<\/td><\/tr><tr><td>19<\/td><td>GESTI\u00d3 PATRIMONIAL<\/td><td>48<\/td><td>USUARIS ACC\u00c9S ARXIU MUNICIPAL<\/td><\/tr><tr><td>20<\/td><td>CONVENIS DE COL\u00b7LABORACI\u00d3<\/td><td>49<\/td><td>PLANEJAMENT URBAN\u00cdSTIC<\/td><\/tr><tr><td>21<\/td><td>CONTRACTES ADMINISTRATIUSERVEIS SOCIALS B\u00c0SICS<\/td><td>50<\/td><td>EXPROPIACIONS<\/td><\/tr><tr><td>22<\/td><td>PERSONES AMB DEPEND\u00c8NCIA\/GEN GRAN<\/td><td>51<\/td><td>RADIO FM LA SENIA<\/td><\/tr><tr><td>23<\/td><td>SERVEIS COMUNS PER A PERSONES AMB DISCAPACITAT<\/td><td>52<\/td><td>ATENCI\u00d3 DE DRETS DE PROTECCI\u00d3 DE DADES &nbsp;<\/td><\/tr><tr><td>24<\/td><td>PERSONES AMB DROGODEPEND\u00c8NCIES I\/O ALTRES ADDICIONS<\/td><td>53<\/td><td>ACC\u00c9S A LA INFORMACI\u00d3 P\u00daBLICA &nbsp;<\/td><\/tr><tr><td>25<\/td><td>SERVEI D&#8217;ATENCI\u00d3 A LA IMMIGRACI\u00d3<\/td><td>54<\/td><td>QUEIXES<\/td><\/tr><tr><td>26<\/td><td>ATENCI\u00d3 A LA DONA, VIOL\u00c8NCIA DE G\u00c8NERE I HOMOF\u00d2BIA<\/td><td>55<\/td><td>GESTI\u00d3 DE BRETXES DE SEGURETAT &nbsp;<\/td><\/tr><tr><td>27<\/td><td>SERVEI D\u2019ATENCI\u00d3 INTEGR\u00c0L LGTBI+<\/td><td>56<\/td><td>SISTEMA INTERN D\u2019INFORMACI\u00d3<\/td><\/tr><tr><td>28<\/td><td>GRUA MUNICIPAL &nbsp;<\/td><td colspan=\"2\">&nbsp;<\/td><\/tr><tr><td>29<\/td><td>ACTUACIONS DE LA POLICIA LOCAL &nbsp;<\/td><td colspan=\"2\">&nbsp;<\/td><\/tr><\/tbody><\/table><\/figure>\n\n\n\n<p><strong><u>5. FINALITATS DELS TRACTAMENTS&nbsp;&nbsp;<\/u><\/strong><strong><u><\/u><\/strong><\/p>\n\n\n\n<p><strong><u>5.1. Finalitats dels tractaments de les dades personals de les persones usuaris del\/s lloc\/s web&nbsp;<\/u><\/strong><strong><u><\/u><\/strong><\/p>\n\n\n\n<p>Les dades personals dels usuaris del lloc web https:\/\/lasenia.cat\/web\/, es tractaran per a les seg\u00fcents finalitats:&nbsp;<\/p>\n\n\n\n<p><strong>A<\/strong>. Prestaci\u00f3 dels serveis i gesti\u00f3 dels tr\u00e0mits municipals.&nbsp;<\/p>\n\n\n\n<p><strong>B<\/strong>. B\u00fastia de contacte, queixes o suggeriments.<\/p>\n\n\n\n<p><strong>C.<\/strong> Respondre a les seves sol\u00b7licituds, &nbsp;inst\u00e0ncies &nbsp;i\/o cites.<\/p>\n\n\n\n<p><strong><u>5.2. Finalitats dels tractaments de les dades personals de persones interessades relacionades amb serveis i activitats de l\u2019ajuntament de la S\u00e9nia (informaci\u00f3 ampliada).&nbsp;<\/u><\/strong><strong><u><\/u><\/strong><\/p>\n\n\n\n<p>Les finalitats del tractament del conjunt d&#8217;activitats de tractament de l\u2019Ajuntament de la S\u00e9nia, derivades del desplegament de les seves compet\u00e8ncies, funcions I serveis estan contingudes en el <a href=\"https:\/\/lasenia.cat\/web\/wp-content\/uploads\/2024\/07\/RAT-AJ.-la-senia-V2.pdf\" target=\"_blank\" rel=\"noreferrer noopener\">REGISTRE D&#8217;ACTIVITATS DE TRACTAMENT<\/a><\/p>\n\n\n\n<p><strong><u>6. BASE JUR\u00cdDICA DE LEGITIMACI\u00d3 DELS TRACTAMENTS DE DADES PERSONALS&nbsp;&nbsp;<\/u><\/strong><strong><u><\/u><\/strong><\/p>\n\n\n\n<p>D&#8217;acord, amb l&#8217;article 6.1. del Reglament General de Protecci\u00f3 de Dades, l\u2019Ajuntament de la S\u00e9nia<em> <\/em>tracta les dades personals sobre la base d&#8217;alguna de les seg\u00fcents bases jur\u00eddiques, tal i com consta en el <a href=\"https:\/\/lasenia.cat\/web\/wp-content\/uploads\/2024\/07\/RAT-AJ.-la-senia-V2.pdf\" target=\"_blank\" rel=\"noreferrer noopener\">REGISTRE D\u2019ACTIVITATS DE TRACTAMENT<\/a><em>:<\/em><\/p>\n\n\n\n<ul class=\"wp-block-list\">\n<li><strong>Article 6.1.a)<\/strong> l&#8217;interessat va donar el seu consentiment per al tractament de les seves dades personals per a un o diversos fins espec\u00edfics;&nbsp;<\/li>\n\n\n\n<li><strong>Article 6.1.b)<\/strong> el tractament \u00e9s necessari per a l&#8217;execuci\u00f3 d&#8217;un contracte en el qual l&#8217;interessat \u00e9s part o per a l&#8217;aplicaci\u00f3 a&nbsp;<\/li>\n\n\n\n<li>petici\u00f3 d&#8217;aquest de mesures precontractuals;&nbsp;<\/li>\n\n\n\n<li><strong>Article 6.1.c)<\/strong> el tractament \u00e9s necessari per al compliment d&#8217;una obligaci\u00f3 legal aplicable al responsable del tractament;&nbsp;<\/li>\n\n\n\n<li><strong>Article 6.1.d)<\/strong> el tractament \u00e9s necessari per a protegir interessos vitals de l&#8217;interessat o d&#8217;una altra persona f\u00edsica;&nbsp;<\/li>\n\n\n\n<li><strong>Article 6.1.e)<\/strong> el tractament \u00e9s necessari per al compliment d&#8217;una missi\u00f3 realitzada en inter\u00e8s p\u00fablic o en l&#8217;exercici de poders p\u00fablics conferits al responsable del tractament.&nbsp;<\/li>\n<\/ul>\n\n\n\n<p><strong><u>7. DESTINATARIS DE LES DADES PERSONALS&nbsp;<\/u><\/strong><strong><u><\/u><\/strong><\/p>\n\n\n\n<p>Les dades personals tractades per <strong>l\u2019Ajuntament de la S\u00e9nia<\/strong><em> <\/em>podran cedir-se a tercers, en els casos determinats, amb la identificaci\u00f3 del cessionari de les dades, per a cada activitat de tractament, com consta en el <a href=\"https:\/\/lasenia.cat\/web\/wp-content\/uploads\/2024\/07\/RAT-AJ.-la-senia-V2.pdf\" target=\"_blank\" rel=\"noreferrer noopener\">REGISTRE D&#8217;ACTIVITATS DE TRACTAMENT<\/a><\/p>\n\n\n\n<p><strong><u>8. EXERCICI DE DRETS DE PROTECCI\u00d3 DE DADES&nbsp;<\/u><\/strong><strong><u><\/u><\/strong><\/p>\n\n\n\n<p><strong><u>8.1. Drets de les persones interessades&nbsp;<\/u><\/strong><strong><u><\/u><\/strong><\/p>\n\n\n\n<ol style=\"list-style-type:upper-alpha\" class=\"wp-block-list\">\n<li><strong><em>Dret d\u2019acc\u00e9s<\/em><\/strong><strong>. <\/strong>Dret de les persones interessades a saber si el responsable del tractament tracta dades personals seves i, si \u00e9s aix\u00ed, t\u00e9 dret a accedir a aquestes dades i a obtenir la informaci\u00f3 seg\u00fcent:&nbsp;<\/li>\n\n\n\n<li>La finalitat del tractament, les categories de dades personals que es tracten i els destinataris o les categories de destinataris als quals s&#8217;han comunicat o es comunicaran les dades.&nbsp;<\/li>\n\n\n\n<li>El termini previst de conservaci\u00f3 de les dades personals o els criteris utilitzats per determinar-lo.&nbsp;<\/li>\n\n\n\n<li>El dret a sol\u00b7licitar al responsable del tractament la rectificaci\u00f3 o la supressi\u00f3 de les dades, la limitaci\u00f3 del tractament o el dret a oposar-s&#8217;hi.&nbsp;<\/li>\n\n\n\n<li>El dret a presentar una reclamaci\u00f3 davant d&#8217;una autoritat de control.&nbsp;<\/li>\n\n\n\n<li>L&#8217;origen de les dades, quan no s&#8217;han obtingut de l&#8217;interessat.&nbsp;<\/li>\n\n\n\n<li>L&#8217;exist\u00e8ncia de decisions automatitzades, inclosa l&#8217;elaboraci\u00f3 de perfils, la l\u00f2gica aplicada i les conseq\u00fc\u00e8ncies d&#8217;aquest tractament.&nbsp;<\/li>\n\n\n\n<li>En cas de transfer\u00e8ncies internacionals de dades, les garanties adequades que s&#8217;ofereixen.&nbsp;<\/li>\n<\/ol>\n\n\n\n<p><strong>B. <em>Dret de rectificaci\u00f3<\/em>. <\/strong>Dret de les persones interessades a rectificar les seves dades personals inexactes i que es completin les que siguin incompletes.&nbsp; El responsable ha de comunicar la rectificaci\u00f3 a cadascun dels destinataris als quals ha comunicat pr\u00e8viament les dades, tret que sigui impossible o exigeixi esfor\u00e7os desproporcionats.&nbsp;&nbsp;<\/p>\n\n\n\n<p><strong>C. <em>Dret de supressi\u00f3<\/em>. <\/strong>Dret de les persones interessades a obtenir la supressi\u00f3 de les seves dades personals, quan:&nbsp;<\/p>\n\n\n\n<ul class=\"wp-block-list\">\n<li>Les dades ja no s\u00f3n necess\u00e0ries per a la finalitat per a la qual es van recollir.&nbsp;<\/li>\n\n\n\n<li>Es revoca el consentiment en el qual es basava el tractament.&nbsp;<\/li>\n\n\n\n<li>L&#8217;interessat s&#8217;oposa al tractament.&nbsp;<\/li>\n\n\n\n<li>Les dades s&#8217;han tractat il\u00b7l\u00edcitament.&nbsp;<\/li>\n\n\n\n<li>Les dades s&#8217;han de suprimir per complir una obligaci\u00f3 legal.&nbsp;<\/li>\n<\/ul>\n\n\n\n<p><strong>D. <em>Dret d&#8217;oposici\u00f3<\/em>. <\/strong>Dret de les persones interessades a oposar-se al tractament de les seves dades personals, quan:&nbsp;<\/p>\n\n\n\n<ul class=\"wp-block-list\">\n<li>El tractament es basa en l&#8217;inter\u00e8s p\u00fablic o l&#8217;exercici de poders p\u00fablics conferits al responsable, o en l&#8217;inter\u00e8s leg\u00edtim perseguit pel responsable del tractament o per un tercer. En aquest cas, l&#8217;oposici\u00f3 s&#8217;ha de fonamentar en motius relacionats amb la seva situaci\u00f3 personal.&nbsp;<\/li>\n\n\n\n<li>El responsable del tractament les ha de deixar de tractar, tret que el responsable acrediti un inter\u00e8s leg\u00edtim que prevalgui sobre el de l&#8217;interessat o sigui necessari per exercir o defensar reclamacions.&nbsp;<\/li>\n\n\n\n<li>El tractament t\u00e9 per objecte el m\u00e0rqueting directe, inclosa l&#8217;elaboraci\u00f3 de perfils relacionats amb aquest m\u00e0rqueting.&nbsp;<\/li>\n\n\n\n<li>El tractament t\u00e9 finalitats estad\u00edstiques o de recerca cient\u00edfica o hist\u00f2rica i s&#8217;invoca un motiu relacionat amb la seva situaci\u00f3 personal.&nbsp;<\/li>\n<\/ul>\n\n\n\n<p><strong>E. <em>Dret a la limitaci\u00f3 del tractament<\/em>. <\/strong>Dret de les persones interessades a que es marquin les seves dades de car\u00e0cter personal conservades, amb la finalitat de limitar-ne el tractament en el futur. La limitaci\u00f3 del tractament implica que, a petici\u00f3 de la persona interessada, les seves dades personals es deixin de tractar.&nbsp;<\/p>\n\n\n\n<p>La limitaci\u00f3 es pot sol\u00b7licitar quan:&nbsp;<\/p>\n\n\n\n<ul class=\"wp-block-list\">\n<li>La persona interessada ha exercit els drets de rectificaci\u00f3 o oposici\u00f3 i mentre el responsable determina si escau atendre la sol\u00b7licitud.&nbsp;<\/li>\n\n\n\n<li>El tractament \u00e9s il\u00b7l\u00edcit, fet que determinaria l&#8217;esborrat de les dades, per\u00f2 l&#8217;interessat s&#8217;oposa a la supressi\u00f3.&nbsp;<\/li>\n\n\n\n<li>Les dades ja no s\u00f3n necess\u00e0ries per al tractament, fet que determinaria l&#8217;esborrat de les dades, per\u00f2 l&#8217;interessat s&#8217;oposa a la supressi\u00f3 perqu\u00e8 les necessita per formular, exercir o defensar reclamacions.&nbsp;<\/li>\n<\/ul>\n\n\n\n<p><strong>F. <em>Dret a la portabilitat de les dades<\/em> (si s\u2019escau)<\/strong>L&#8217;interessat t\u00e9 dret a rebre les seves dades personals que ha facilitat a un responsable del tractament en un format estructurat, d&#8217;\u00fas com\u00fa i de lectura mec\u00e0nica, i a transmetre-les a un altre responsable, si es compleixen els requisits seg\u00fcents:&nbsp;<strong><u><\/u><\/strong><\/p>\n\n\n\n<ul class=\"wp-block-list\">\n<li>El tractament es basa en el consentiment o en un contracte.&nbsp;<\/li>\n\n\n\n<li>El tractament es fa per mitjans automatitzats.&nbsp;<\/li>\n<\/ul>\n\n\n\n<p>D&#8217;altra banda, aquest dret no es pot exercir quan el tractament es fonamenta en el compliment d&#8217;una missi\u00f3 d&#8217;inter\u00e8s p\u00fablic o inherent a l&#8217;exercici del poder p\u00fablic.&nbsp;<\/p>\n\n\n\n<p><strong><u>8.2. Com exercir els drets de protecci\u00f3 de dades&nbsp;<\/u><\/strong><strong><u><\/u><\/strong><\/p>\n\n\n\n<p>Les persones interessades poden exercir davant <strong>l\u2019Ajuntament de la S\u00e9nia<\/strong><em> <\/em>els seus drets d&#8217;acc\u00e9s, rectificaci\u00f3, supressi\u00f3, limitaci\u00f3 del tractament, portabilitat de les dades, si s\u2019escau, oposici\u00f3 i a no ser objecte de decisions individuals automatitzades, inclosa l&#8217;elaboraci\u00f3 de perfils.&nbsp;&nbsp;&nbsp;<\/p>\n\n\n\n<p>De la mateixa manera, en els tractaments de les dades, la legitimaci\u00f3 de les quals es basi en el consentiment atorgat per la persona interessada, aquesta t\u00e9 el dret a retirar aquest consentiment en qualsevol moment, sense que aix\u00f2 afecti la licitud del tractament basat en el consentiment previ a la seva retirada.&nbsp;&nbsp;<\/p>\n\n\n\n<p>Per a l&#8217;exercici de tals drets, les persones interessades poden presentar la seva sol\u00b7licitud presencialment a <strong>l\u2019Ajuntament de la S\u00e9nia<\/strong>, a l\u2019adre\u00e7a <a href=\"https:\/\/lasenia.cat\/web\/\">https:\/\/lasenia.cat\/web\/<\/a> &nbsp;o a <a href=\"https:\/\/actio.dipta.cat\/catalegserveis\/id\/4304450006?origen=seu\">la seu electr\u00f2nica<\/a> de <strong>l\u2019Ajuntament de la S\u00e9nia<\/strong><\/p>\n\n\n\n<p>En tot cas, les persones interessades tenen dret, sempre que ho considerin oport\u00fa, a presentar una reclamaci\u00f3 davant l\u2019APDCAT <a href=\"https:\/\/apdcat.gencat.cat\/ca\/inici\" target=\"_blank\" rel=\"noreferrer noopener\">https:\/\/apdcat.gencat.cat\/ca\/inici<\/a>.&nbsp;&nbsp;<\/p>\n\n\n\n<p><strong><u>9. CONSERVACI\u00d3 DE LES DADES&nbsp;&nbsp;<\/u><\/strong><strong><u><\/u><\/strong><\/p>\n\n\n\n<p><strong>L\u2019Ajuntament de la S\u00e9nia<\/strong><em> <\/em>conserva les dades personals que tracta en servidors de l\u2019ESPAI ECON\u00d2MIC EUROPEU.&nbsp;&nbsp;<\/p>\n\n\n\n<p>Les dades personals esmantenen de manera que es permeti la identificaci\u00f3 de les persones interessades durant no m\u00e9s temps del necessari per complir amb les finalitats del tractament de les dades personals, que han estat informades; les dades personals podran conservar-se durant per\u00edodes m\u00e9s llargs sempre que es tractin exclusivament amb finalitats d&#8217;arxiu en inter\u00e8s p\u00fablic, fins de recerca cient\u00edfica o hist\u00f2rica o fins estad\u00edstics.&nbsp;<\/p>\n\n\n\n<p>En particular, els terminis de supressi\u00f3 de les dades consten determinats en cada activitat de tractament sota responsabilitat de <strong>l\u2019Ajuntament de la S\u00e9nia<\/strong>, incloses en el <a href=\"https:\/\/lasenia.cat\/web\/wp-content\/uploads\/2024\/07\/RAT-AJ.-la-senia-V2.pdf\" target=\"_blank\" rel=\"noreferrer noopener\">REGISTRE D\u2019ACTIVITATS DE TRACTAMENT<\/a><\/p>\n\n\n\n<p>Espec\u00edficament, les dades personals tractades per un SISTEMA DE CONTROL D&#8217;ACC\u00c9S O DE C\u00c0MERES DE VIDEOVIGIL\u00c0NCIA, es conservaran durant un termini m\u00e0xim d&#8217;un mes des de la seva captaci\u00f3.&nbsp;<\/p>\n\n\n\n<p><strong><u>10. PROCED\u00c8NCIA, I VERIFICACI\u00d3 I CONSULTA DE LES DADES PERSONALS&nbsp;<\/u><\/strong><strong><u><\/u><\/strong><\/p>\n\n\n\n<p><strong><u>10.1. Proced\u00e8ncia de les dades personals&nbsp;<\/u><\/strong><strong><u><\/u><\/strong><\/p>\n\n\n\n<p>Les dades personals objecte de tractament per <strong>l\u2019Ajuntament de la S\u00e9nia,<\/strong> en compliment d&#8217;una missi\u00f3 realitzada en inter\u00e8s p\u00fablic, en exercici de poders p\u00fablics conferits al responsable del tractament, en compliment d&#8217;una obligaci\u00f3 legal, en execuci\u00f3 d&#8217;un contracte o mitjan\u00e7ant la prestaci\u00f3 del consentiment per les persones interessades, procedeixen directament de les persones interessades o dels seus representants.&nbsp;<\/p>\n\n\n\n<p>En el cas que les dades no procedeixin directament de les persones interessades, per exemple, si procedeixen d\u2019altres administracions p\u00fabliques, es donar\u00e0 compliment a l&#8217;article 14 del RGPD, facilitant a l&#8217;interessat la informaci\u00f3 addicional requerida quan les dades personals no s&#8217;hagin obtingut de l&#8217;interessat, incloent espec\u00edficament la informaci\u00f3 sobre l&#8217;origen de les dades i sobre les categories de dades personals objecte de tractament.&nbsp;<\/p>\n\n\n\n<p><strong><u>10.2. Dret dels ciutadans a no aportar documents que ja es trobin en poder de l&#8217;Administraci\u00f3 actuant o hagin estat elaborats per qualsevol altra Administraci\u00f3&nbsp;<\/u><\/strong><strong><u><\/u><\/strong> Article 28.2 de la Llei 39\/2015 del Procediment Administratiu Com\u00fa de les Administracions P\u00fabliques, modificat per la Disposici\u00f3 final dotzena de la LOPDGDD: en el sup\u00f2sit d\u2019un tractament de les dades derivat de les relacions dels ciutadans amb <strong>l\u2019Ajuntament de la S\u00e9nia<\/strong><em> <\/em>i que pot incloure operacions de comunicaci\u00f3, consulta i verificaci\u00f3 de dades entre administracions p\u00fabliques, <strong>l\u2019Ajuntament de la S\u00e9nia<\/strong><em> <\/em>realitzar\u00e0 aquest tractament en compliment d&#8217;una obligaci\u00f3 legal, una missi\u00f3 d&#8217;inter\u00e8s p\u00fablic o en l&#8217;exercici de poders p\u00fablics i informar\u00e0 el ciutad\u00e0, en aplicaci\u00f3 del principi de transpar\u00e8ncia, sobre les dades que seran consultades per a la resoluci\u00f3 de la gesti\u00f3 o del&nbsp; tr\u00e0mit en q\u00fcesti\u00f3, com tamb\u00e9 de la possibilitat d&#8217;exercir els seus drets en mat\u00e8ria de protecci\u00f3 de dades, entre ells, espec\u00edficament, el dret d&#8217;oposici\u00f3, basat en motius relacionats amb la seva situaci\u00f3 personal o particular.<\/p>\n","protected":false},"excerpt":{"rendered":"<p>L\u2019Ajuntament de la S\u00e9nia \u00e9s el responsable del tractament de les dades recollides a trav\u00e9s dels llocs web dels quals<\/p>\n","protected":false},"author":1,"featured_media":0,"parent":0,"menu_order":0,"comment_status":"closed","ping_status":"closed","template":"","meta":{"colormag_page_container_layout":"default_layout","colormag_page_sidebar_layout":"default_layout","footnotes":""},"class_list":["post-5003","page","type-page","status-publish","hentry"],"_links":{"self":[{"href":"https:\/\/lasenia.cat\/web\/wp-json\/wp\/v2\/pages\/5003","targetHints":{"allow":["GET"]}}],"collection":[{"href":"https:\/\/lasenia.cat\/web\/wp-json\/wp\/v2\/pages"}],"about":[{"href":"https:\/\/lasenia.cat\/web\/wp-json\/wp\/v2\/types\/page"}],"author":[{"embeddable":true,"href":"https:\/\/lasenia.cat\/web\/wp-json\/wp\/v2\/users\/1"}],"replies":[{"embeddable":true,"href":"https:\/\/lasenia.cat\/web\/wp-json\/wp\/v2\/comments?post=5003"}],"version-history":[{"count":9,"href":"https:\/\/lasenia.cat\/web\/wp-json\/wp\/v2\/pages\/5003\/revisions"}],"predecessor-version":[{"id":7863,"href":"https:\/\/lasenia.cat\/web\/wp-json\/wp\/v2\/pages\/5003\/revisions\/7863"}],"wp:attachment":[{"href":"https:\/\/lasenia.cat\/web\/wp-json\/wp\/v2\/media?parent=5003"}],"curies":[{"name":"wp","href":"https:\/\/api.w.org\/{rel}","templated":true}]}}